{"id":9972,"date":"2026-03-11T01:45:50","date_gmt":"2026-03-11T04:45:50","guid":{"rendered":"https:\/\/www.parquedasaves.com.br\/sobre-el-parque-das-aves\/nuestro-trabajo\/120-especies-y-subespecies-de-aves-amenazadas\/"},"modified":"2026-03-11T02:25:20","modified_gmt":"2026-03-11T05:25:20","slug":"120-especies-y-subespecies-de-aves-amenazadas","status":"publish","type":"page","link":"https:\/\/www.parquedasaves.com.br\/es\/sobre-el-parque-das-aves\/nuestro-trabajo\/120-especies-y-subespecies-de-aves-amenazadas\/","title":{"rendered":"120 especies y subespecies de aves amenazadas"},"content":{"rendered":"\t\t<div data-elementor-type=\"wp-page\" data-elementor-id=\"9972\" class=\"elementor elementor-9972 elementor-9917\" data-elementor-post-type=\"page\">\n\t\t\t\t<div class=\"premium-parallax-section-hide elementor-element elementor-element-80bd40d e-con-full premium-parallax-yes imagenstopom e-flex e-con e-parent\" data-pa-parallax=\"{&quot;type&quot;:&quot;scroll&quot;,&quot;speed&quot;:&quot;&quot;,&quot;android&quot;:0,&quot;ios&quot;:0,&quot;size&quot;:&quot;cover&quot;,&quot;repeat&quot;:&quot;no-repeat&quot;}\" data-id=\"80bd40d\" data-element_type=\"container\" data-e-type=\"container\" data-settings=\"{&quot;background_background&quot;:&quot;classic&quot;}\">\n\t\t\t\t<\/div>\n\t\t<div class=\"elementor-element elementor-element-23d7902 e-con-full e-flex e-con e-parent\" data-id=\"23d7902\" data-element_type=\"container\" data-e-type=\"container\">\n\t\t\t\t<div class=\"elementor-element elementor-element-994494f elementor-widget elementor-widget-shortcode\" data-id=\"994494f\" data-element_type=\"widget\" data-e-type=\"widget\" data-widget_type=\"shortcode.default\">\n\t\t\t\t\t\t\t<div class=\"elementor-shortcode\">\t\t<div data-elementor-type=\"section\" data-elementor-id=\"9622\" class=\"elementor elementor-9622 elementor-8238 elementor-8238\" data-elementor-post-type=\"elementor_library\">\n\t\t\t<div class=\"elementor-element elementor-element-ceabd4f e-flex e-con-boxed e-con e-parent\" data-id=\"ceabd4f\" data-element_type=\"container\" data-e-type=\"container\">\n\t\t\t\t\t<div class=\"e-con-inner\">\n\t\t\t\t<div class=\"elementor-element elementor-element-32a9521 elementor-widget elementor-widget-shortcode\" data-id=\"32a9521\" data-element_type=\"widget\" data-e-type=\"widget\" data-widget_type=\"shortcode.default\">\n\t\t\t\t\t\t\t<div class=\"elementor-shortcode\"><nav aria-label=\"breadcrumbs\" class=\"rank-math-breadcrumb\"><p><span class=\"last\">Home<\/span><\/p><\/nav><\/div>\n\t\t\t\t\t\t<\/div>\n\t\t\t\t\t<\/div>\n\t\t\t\t<\/div>\n\t\t\t\t<\/div>\n\t\t<\/div>\n\t\t\t\t\t\t<\/div>\n\t\t\t\t<\/div>\n\t\t<div class=\"elementor-element elementor-element-49d3c478 e-flex e-con-boxed e-con e-parent\" data-id=\"49d3c478\" data-element_type=\"container\" data-e-type=\"container\">\n\t\t\t\t\t<div class=\"e-con-inner\">\n\t\t\t\t<div class=\"elementor-element elementor-element-7f1fcb86 elementor-widget elementor-widget-heading\" data-id=\"7f1fcb86\" data-element_type=\"widget\" data-e-type=\"widget\" data-widget_type=\"heading.default\">\n\t\t\t\t\t<h3 class=\"elementor-heading-title elementor-size-default\">120 especies y subespecies de aves amenazadas<\/h3>\t\t\t\t<\/div>\n\t\t\t\t<div class=\"elementor-element elementor-element-77b9c1f5 elementor-widget-divider--view-line elementor-widget elementor-widget-divider\" data-id=\"77b9c1f5\" data-element_type=\"widget\" data-e-type=\"widget\" data-widget_type=\"divider.default\">\n\t\t\t\t\t\t\t<div class=\"elementor-divider\">\n\t\t\t<span class=\"elementor-divider-separator\">\n\t\t\t\t\t\t<\/span>\n\t\t<\/div>\n\t\t\t\t\t\t<\/div>\n\t\t\t\t<div class=\"elementor-element elementor-element-6cd4e0b6 elementor-widget elementor-widget-text-editor\" data-id=\"6cd4e0b6\" data-element_type=\"widget\" data-e-type=\"widget\" data-widget_type=\"text-editor.default\">\n\t\t\t\t\t\t\t\t\t<p>A causa de la deforestaci\u00f3n, la caza, el tr\u00e1fico y otras presiones, existen 120 especies y subespecies de aves nativas de la Mata Atl\u00e1ntica amenazadas de extinci\u00f3n.<\/p>\t\t\t\t\t\t\t\t<\/div>\n\t\t\t\t\t<\/div>\n\t\t\t\t<\/div>\n\t\t<div class=\"elementor-element elementor-element-9f4b3d2 e-flex e-con-boxed e-con e-parent\" data-id=\"9f4b3d2\" data-element_type=\"container\" data-e-type=\"container\" data-settings=\"{&quot;background_background&quot;:&quot;classic&quot;}\">\n\t\t\t\t\t<div class=\"e-con-inner\">\n\t\t<div class=\"elementor-element elementor-element-ccd1e49 e-con-full e-flex e-con e-child\" data-id=\"ccd1e49\" data-element_type=\"container\" data-e-type=\"container\">\n\t\t\t\t<div class=\"elementor-element elementor-element-34e49ef elementor-widget elementor-widget-image\" data-id=\"34e49ef\" data-element_type=\"widget\" data-e-type=\"widget\" data-widget_type=\"image.default\">\n\t\t\t\t\t\t\t\t\t\t\t\t\t\t\t<img decoding=\"async\" width=\"200\" height=\"200\" src=\"https:\/\/www.parquedasaves.com.br\/wp-content\/uploads\/2026\/03\/120-Especies-Icone01.png\" class=\"attachment-large size-large wp-image-9962\" alt=\"\" srcset=\"https:\/\/www.parquedasaves.com.br\/wp-content\/uploads\/2026\/03\/120-Especies-Icone01.png 200w, https:\/\/www.parquedasaves.com.br\/wp-content\/uploads\/2026\/03\/120-Especies-Icone01-150x150.png 150w, https:\/\/www.parquedasaves.com.br\/wp-content\/uploads\/2026\/03\/120-Especies-Icone01-96x96.png 96w\" sizes=\"(max-width: 200px) 100vw, 200px\" \/>\t\t\t\t\t\t\t\t\t\t\t\t\t\t\t<\/div>\n\t\t\t\t<div class=\"elementor-element elementor-element-574c5b2 elementor-widget elementor-widget-text-editor\" data-id=\"574c5b2\" data-element_type=\"widget\" data-e-type=\"widget\" data-widget_type=\"text-editor.default\">\n\t\t\t\t\t\t\t\t\t<p>Especies y subespecies de aves de la Mata Atl\u00e1ntica reconocidas como amenazadas en el Libro Rojo de la Fauna Brasile\u00f1a Amenazada de Extinci\u00f3n.<\/p>\t\t\t\t\t\t\t\t<\/div>\n\t\t\t\t<\/div>\n\t\t<div class=\"elementor-element elementor-element-82d29f6 e-con-full e-flex e-con e-child\" data-id=\"82d29f6\" data-element_type=\"container\" data-e-type=\"container\">\n\t\t\t\t<div class=\"elementor-element elementor-element-205ee4d elementor-widget elementor-widget-image\" data-id=\"205ee4d\" data-element_type=\"widget\" data-e-type=\"widget\" data-widget_type=\"image.default\">\n\t\t\t\t\t\t\t\t\t\t\t\t\t\t\t<img decoding=\"async\" width=\"200\" height=\"200\" src=\"https:\/\/www.parquedasaves.com.br\/wp-content\/uploads\/2026\/03\/120-Especies-Icone02.png\" class=\"attachment-large size-large wp-image-9963\" alt=\"\" srcset=\"https:\/\/www.parquedasaves.com.br\/wp-content\/uploads\/2026\/03\/120-Especies-Icone02.png 200w, https:\/\/www.parquedasaves.com.br\/wp-content\/uploads\/2026\/03\/120-Especies-Icone02-150x150.png 150w, https:\/\/www.parquedasaves.com.br\/wp-content\/uploads\/2026\/03\/120-Especies-Icone02-96x96.png 96w\" sizes=\"(max-width: 200px) 100vw, 200px\" \/>\t\t\t\t\t\t\t\t\t\t\t\t\t\t\t<\/div>\n\t\t\t\t<div class=\"elementor-element elementor-element-c5928b3 elementor-widget elementor-widget-text-editor\" data-id=\"c5928b3\" data-element_type=\"widget\" data-e-type=\"widget\" data-widget_type=\"text-editor.default\">\n\t\t\t\t\t\t\t\t\t<p>Especies amenazadas de aves de la Mata Atl\u00e1ntica listadas por la UICN.<\/p>\t\t\t\t\t\t\t\t<\/div>\n\t\t\t\t<\/div>\n\t\t<div class=\"elementor-element elementor-element-e276a2f e-con-full e-flex e-con e-child\" data-id=\"e276a2f\" data-element_type=\"container\" data-e-type=\"container\">\n\t\t\t\t<div class=\"elementor-element elementor-element-235c15f elementor-widget elementor-widget-image\" data-id=\"235c15f\" data-element_type=\"widget\" data-e-type=\"widget\" data-widget_type=\"image.default\">\n\t\t\t\t\t\t\t\t\t\t\t\t\t\t\t<img decoding=\"async\" width=\"200\" height=\"200\" src=\"https:\/\/www.parquedasaves.com.br\/wp-content\/uploads\/2026\/03\/120-Especies-Icone03.png\" class=\"attachment-large size-large wp-image-9964\" alt=\"\" srcset=\"https:\/\/www.parquedasaves.com.br\/wp-content\/uploads\/2026\/03\/120-Especies-Icone03.png 200w, https:\/\/www.parquedasaves.com.br\/wp-content\/uploads\/2026\/03\/120-Especies-Icone03-150x150.png 150w, https:\/\/www.parquedasaves.com.br\/wp-content\/uploads\/2026\/03\/120-Especies-Icone03-96x96.png 96w\" sizes=\"(max-width: 200px) 100vw, 200px\" \/>\t\t\t\t\t\t\t\t\t\t\t\t\t\t\t<\/div>\n\t\t\t\t<div class=\"elementor-element elementor-element-e236714 elementor-widget elementor-widget-text-editor\" data-id=\"e236714\" data-element_type=\"widget\" data-e-type=\"widget\" data-widget_type=\"text-editor.default\">\n\t\t\t\t\t\t\t\t\t<p>De ellas no tienen ninguna acci\u00f3n de conservaci\u00f3n espec\u00edfica para la especie m\u00e1s all\u00e1 de la presencia en \u00e1reas protegidas. La mayor\u00eda es end\u00e9mica de la Mata Atl\u00e1ntica. <\/p>\t\t\t\t\t\t\t\t<\/div>\n\t\t\t\t<\/div>\n\t\t\t\t\t<\/div>\n\t\t\t\t<\/div>\n\t\t<div class=\"elementor-element elementor-element-92e5a75 e-flex e-con-boxed e-con e-parent\" data-id=\"92e5a75\" data-element_type=\"container\" data-e-type=\"container\" data-settings=\"{&quot;background_background&quot;:&quot;classic&quot;}\">\n\t\t\t\t\t<div class=\"e-con-inner\">\n\t\t<div class=\"elementor-element elementor-element-d10ff77 e-con-full e-flex e-con e-child\" data-id=\"d10ff77\" data-element_type=\"container\" data-e-type=\"container\">\n\t\t\t\t<div class=\"elementor-element elementor-element-7b15bc9 elementor-widget elementor-widget-image\" data-id=\"7b15bc9\" data-element_type=\"widget\" data-e-type=\"widget\" data-widget_type=\"image.default\">\n\t\t\t\t\t\t\t\t\t\t\t\t\t\t\t<img loading=\"lazy\" decoding=\"async\" width=\"200\" height=\"200\" src=\"https:\/\/www.parquedasaves.com.br\/wp-content\/uploads\/2026\/03\/120-Especies-Icone04.png\" class=\"attachment-large size-large wp-image-9965\" alt=\"\" srcset=\"https:\/\/www.parquedasaves.com.br\/wp-content\/uploads\/2026\/03\/120-Especies-Icone04.png 200w, https:\/\/www.parquedasaves.com.br\/wp-content\/uploads\/2026\/03\/120-Especies-Icone04-150x150.png 150w, https:\/\/www.parquedasaves.com.br\/wp-content\/uploads\/2026\/03\/120-Especies-Icone04-96x96.png 96w\" sizes=\"(max-width: 200px) 100vw, 200px\" \/>\t\t\t\t\t\t\t\t\t\t\t\t\t\t\t<\/div>\n\t\t\t\t<div class=\"elementor-element elementor-element-564508d elementor-widget elementor-widget-text-editor\" data-id=\"564508d\" data-element_type=\"widget\" data-e-type=\"widget\" data-widget_type=\"text-editor.default\">\n\t\t\t\t\t\t\t\t\t<p>De todas las especies de aves amenazadas del mundo (UICN 3.1) son end\u00e9micas de la Mata Atl\u00e1ntica. Ahora est\u00e1n restringidas principalmente a fragmentos que totalizan un \u00e1rea de solo 157 mil km\u00b2, dentro de un bioma cuya franja original est\u00e1 actualmente deforestada en un 91,5%. <\/p>\t\t\t\t\t\t\t\t<\/div>\n\t\t\t\t<\/div>\n\t\t<div class=\"elementor-element elementor-element-433a6ae e-con-full e-flex e-con e-child\" data-id=\"433a6ae\" data-element_type=\"container\" data-e-type=\"container\">\n\t\t\t\t<div class=\"elementor-element elementor-element-eb6bf80 elementor-widget elementor-widget-image\" data-id=\"eb6bf80\" data-element_type=\"widget\" data-e-type=\"widget\" data-widget_type=\"image.default\">\n\t\t\t\t\t\t\t\t\t\t\t\t\t\t\t<img loading=\"lazy\" decoding=\"async\" width=\"200\" height=\"200\" src=\"https:\/\/www.parquedasaves.com.br\/wp-content\/uploads\/2026\/03\/120-Especies-Icone05.png\" class=\"attachment-large size-large wp-image-9966\" alt=\"\" srcset=\"https:\/\/www.parquedasaves.com.br\/wp-content\/uploads\/2026\/03\/120-Especies-Icone05.png 200w, https:\/\/www.parquedasaves.com.br\/wp-content\/uploads\/2026\/03\/120-Especies-Icone05-150x150.png 150w, https:\/\/www.parquedasaves.com.br\/wp-content\/uploads\/2026\/03\/120-Especies-Icone05-96x96.png 96w\" sizes=\"(max-width: 200px) 100vw, 200px\" \/>\t\t\t\t\t\t\t\t\t\t\t\t\t\t\t<\/div>\n\t\t\t\t<div class=\"elementor-element elementor-element-4e539f3 elementor-widget elementor-widget-text-editor\" data-id=\"4e539f3\" data-element_type=\"widget\" data-e-type=\"widget\" data-widget_type=\"text-editor.default\">\n\t\t\t\t\t\t\t\t\t<p>De todas las especies de aves amenazadas del mundo (UICN 3.1) son nativas de la Mata Atl\u00e1ntica.<\/p>\t\t\t\t\t\t\t\t<\/div>\n\t\t\t\t<\/div>\n\t\t\t\t\t<\/div>\n\t\t\t\t<\/div>\n\t\t<div class=\"elementor-element elementor-element-80d36fa e-flex e-con-boxed e-con e-parent\" data-id=\"80d36fa\" data-element_type=\"container\" data-e-type=\"container\">\n\t\t\t\t\t<div class=\"e-con-inner\">\n\t\t\t\t<div class=\"elementor-element elementor-element-7fa0b19 elementor-widget elementor-widget-image\" data-id=\"7fa0b19\" data-element_type=\"widget\" data-e-type=\"widget\" data-widget_type=\"image.default\">\n\t\t\t\t\t\t\t\t\t\t\t\t\t\t\t<img loading=\"lazy\" decoding=\"async\" width=\"1920\" height=\"697\" src=\"https:\/\/www.parquedasaves.com.br\/wp-content\/uploads\/2026\/03\/120-Especies-TabelaDesktop.jpg\" class=\"attachment-full size-full wp-image-9967\" alt=\"\" srcset=\"https:\/\/www.parquedasaves.com.br\/wp-content\/uploads\/2026\/03\/120-Especies-TabelaDesktop.jpg 1920w, https:\/\/www.parquedasaves.com.br\/wp-content\/uploads\/2026\/03\/120-Especies-TabelaDesktop-300x109.jpg 300w, https:\/\/www.parquedasaves.com.br\/wp-content\/uploads\/2026\/03\/120-Especies-TabelaDesktop-1024x372.jpg 1024w, https:\/\/www.parquedasaves.com.br\/wp-content\/uploads\/2026\/03\/120-Especies-TabelaDesktop-768x279.jpg 768w, https:\/\/www.parquedasaves.com.br\/wp-content\/uploads\/2026\/03\/120-Especies-TabelaDesktop-1536x558.jpg 1536w, https:\/\/www.parquedasaves.com.br\/wp-content\/uploads\/2026\/03\/120-Especies-TabelaDesktop-150x54.jpg 150w\" sizes=\"(max-width: 1920px) 100vw, 1920px\" \/>\t\t\t\t\t\t\t\t\t\t\t\t\t\t\t<\/div>\n\t\t\t\t<div class=\"elementor-element elementor-element-2aab562 elementor-widget elementor-widget-image\" data-id=\"2aab562\" data-element_type=\"widget\" data-e-type=\"widget\" data-widget_type=\"image.default\">\n\t\t\t\t\t\t\t\t\t\t\t\t\t\t\t<img loading=\"lazy\" decoding=\"async\" width=\"1703\" height=\"998\" src=\"https:\/\/www.parquedasaves.com.br\/wp-content\/uploads\/2026\/03\/120-Especies-Mosaico01-1.webp\" class=\"attachment-full size-full wp-image-9968\" alt=\"\" srcset=\"https:\/\/www.parquedasaves.com.br\/wp-content\/uploads\/2026\/03\/120-Especies-Mosaico01-1.webp 1703w, https:\/\/www.parquedasaves.com.br\/wp-content\/uploads\/2026\/03\/120-Especies-Mosaico01-1-300x176.webp 300w, https:\/\/www.parquedasaves.com.br\/wp-content\/uploads\/2026\/03\/120-Especies-Mosaico01-1-1024x600.webp 1024w, https:\/\/www.parquedasaves.com.br\/wp-content\/uploads\/2026\/03\/120-Especies-Mosaico01-1-768x450.webp 768w, https:\/\/www.parquedasaves.com.br\/wp-content\/uploads\/2026\/03\/120-Especies-Mosaico01-1-1536x900.webp 1536w, https:\/\/www.parquedasaves.com.br\/wp-content\/uploads\/2026\/03\/120-Especies-Mosaico01-1-150x88.webp 150w\" sizes=\"(max-width: 1703px) 100vw, 1703px\" \/>\t\t\t\t\t\t\t\t\t\t\t\t\t\t\t<\/div>\n\t\t\t\t\t<\/div>\n\t\t\t\t<\/div>\n\t\t<div class=\"elementor-element elementor-element-55fccdf e-flex e-con-boxed e-con e-parent\" data-id=\"55fccdf\" data-element_type=\"container\" data-e-type=\"container\">\n\t\t\t\t\t<div class=\"e-con-inner\">\n\t\t\t\t<div class=\"elementor-element elementor-element-0e4d157 elementor-widget elementor-widget-text-editor\" data-id=\"0e4d157\" data-element_type=\"widget\" data-e-type=\"widget\" data-widget_type=\"text-editor.default\">\n\t\t\t\t\t\t\t\t\t<p>M\u00e1s informaci\u00f3n:<\/p>\t\t\t\t\t\t\t\t<\/div>\n\t\t\t\t<div class=\"elementor-element elementor-element-2c9d4b5 elementor-nav-menu__align-start elementor-nav-menu--dropdown-none menuspaginasinternas elementor-widget elementor-widget-nav-menu\" data-id=\"2c9d4b5\" data-element_type=\"widget\" data-e-type=\"widget\" data-settings=\"{&quot;layout&quot;:&quot;horizontal&quot;,&quot;submenu_icon&quot;:{&quot;value&quot;:&quot;&lt;svg aria-hidden=\\&quot;true\\&quot; class=\\&quot;e-font-icon-svg e-fas-caret-down\\&quot; viewBox=\\&quot;0 0 320 512\\&quot; xmlns=\\&quot;http:\\\/\\\/www.w3.org\\\/2000\\\/svg\\&quot;&gt;&lt;path d=\\&quot;M31.3 192h257.3c17.8 0 26.7 21.5 14.1 34.1L174.1 354.8c-7.8 7.8-20.5 7.8-28.3 0L17.2 226.1C4.6 213.5 13.5 192 31.3 192z\\&quot;&gt;&lt;\\\/path&gt;&lt;\\\/svg&gt;&quot;,&quot;library&quot;:&quot;fa-solid&quot;}}\" data-widget_type=\"nav-menu.default\">\n\t\t\t\t\t\t\t\t<nav aria-label=\"Menu\" class=\"elementor-nav-menu--main elementor-nav-menu__container elementor-nav-menu--layout-horizontal e--pointer-underline e--animation-fade\">\n\t\t\t\t<ul id=\"menu-1-2c9d4b5\" class=\"elementor-nav-menu\"><li class=\"menu-item menu-item-type-post_type menu-item-object-page menu-item-9731\"><a href=\"https:\/\/www.parquedasaves.com.br\/es\/sobre-el-parque-das-aves\/\" class=\"elementor-item\">Sobre el Parque das Aves<\/a><\/li>\n<li class=\"menu-item menu-item-type-post_type menu-item-object-page menu-item-9732\"><a href=\"https:\/\/www.parquedasaves.com.br\/es\/sobre-el-parque-das-aves\/historia\/\" class=\"elementor-item\">Historia<\/a><\/li>\n<li class=\"menu-item menu-item-type-post_type menu-item-object-page menu-item-9733\"><a href=\"https:\/\/www.parquedasaves.com.br\/es\/sobre-el-parque-das-aves\/nuestro-trabajo\/\" class=\"elementor-item\">Nuestro trabajo<\/a><\/li>\n<li class=\"menu-item menu-item-type-post_type menu-item-object-page menu-item-9734\"><a href=\"https:\/\/www.parquedasaves.com.br\/es\/sobre-el-parque-das-aves\/gobernanza-y-transparencia\/\" class=\"elementor-item\">Gobernanza y transparencia<\/a><\/li>\n<li class=\"menu-item menu-item-type-post_type menu-item-object-page menu-item-9735\"><a href=\"https:\/\/www.parquedasaves.com.br\/es\/sobre-el-parque-das-aves\/carreras\/\" class=\"elementor-item\">Carreras<\/a><\/li>\n<\/ul>\t\t\t<\/nav>\n\t\t\t\t\t\t<nav class=\"elementor-nav-menu--dropdown elementor-nav-menu__container\" aria-hidden=\"true\">\n\t\t\t\t<ul id=\"menu-2-2c9d4b5\" class=\"elementor-nav-menu\"><li class=\"menu-item menu-item-type-post_type menu-item-object-page menu-item-9731\"><a href=\"https:\/\/www.parquedasaves.com.br\/es\/sobre-el-parque-das-aves\/\" class=\"elementor-item\" tabindex=\"-1\">Sobre el Parque das Aves<\/a><\/li>\n<li class=\"menu-item menu-item-type-post_type menu-item-object-page menu-item-9732\"><a href=\"https:\/\/www.parquedasaves.com.br\/es\/sobre-el-parque-das-aves\/historia\/\" class=\"elementor-item\" tabindex=\"-1\">Historia<\/a><\/li>\n<li class=\"menu-item menu-item-type-post_type menu-item-object-page menu-item-9733\"><a href=\"https:\/\/www.parquedasaves.com.br\/es\/sobre-el-parque-das-aves\/nuestro-trabajo\/\" class=\"elementor-item\" tabindex=\"-1\">Nuestro trabajo<\/a><\/li>\n<li class=\"menu-item menu-item-type-post_type menu-item-object-page menu-item-9734\"><a href=\"https:\/\/www.parquedasaves.com.br\/es\/sobre-el-parque-das-aves\/gobernanza-y-transparencia\/\" class=\"elementor-item\" tabindex=\"-1\">Gobernanza y transparencia<\/a><\/li>\n<li class=\"menu-item menu-item-type-post_type menu-item-object-page menu-item-9735\"><a href=\"https:\/\/www.parquedasaves.com.br\/es\/sobre-el-parque-das-aves\/carreras\/\" class=\"elementor-item\" tabindex=\"-1\">Carreras<\/a><\/li>\n<\/ul>\t\t\t<\/nav>\n\t\t\t\t\t\t<\/div>\n\t\t\t\t\t<\/div>\n\t\t\t\t<\/div>\n\t\t\t\t<\/div>\n\t\t","protected":false},"excerpt":{"rendered":"<p>120 especies y subespecies de aves amenazadas A causa de la deforestaci\u00f3n, la caza, el tr\u00e1fico y otras presiones, existen 120 especies y subespecies de aves nativas de la Mata Atl\u00e1ntica amenazadas de extinci\u00f3n. Especies y subespecies de aves de la Mata Atl\u00e1ntica reconocidas como amenazadas en el Libro Rojo de la Fauna Brasile\u00f1a Amenazada [&hellip;]<\/p>\n","protected":false},"author":1,"featured_media":8985,"parent":9503,"menu_order":0,"comment_status":"closed","ping_status":"closed","template":"","meta":{"footnotes":""},"class_list":["post-9972","page","type-page","status-publish","has-post-thumbnail","hentry"],"_links":{"self":[{"href":"https:\/\/www.parquedasaves.com.br\/es\/wp-json\/wp\/v2\/pages\/9972","targetHints":{"allow":["GET"]}}],"collection":[{"href":"https:\/\/www.parquedasaves.com.br\/es\/wp-json\/wp\/v2\/pages"}],"about":[{"href":"https:\/\/www.parquedasaves.com.br\/es\/wp-json\/wp\/v2\/types\/page"}],"author":[{"embeddable":true,"href":"https:\/\/www.parquedasaves.com.br\/es\/wp-json\/wp\/v2\/users\/1"}],"replies":[{"embeddable":true,"href":"https:\/\/www.parquedasaves.com.br\/es\/wp-json\/wp\/v2\/comments?post=9972"}],"version-history":[{"count":1,"href":"https:\/\/www.parquedasaves.com.br\/es\/wp-json\/wp\/v2\/pages\/9972\/revisions"}],"predecessor-version":[{"id":9974,"href":"https:\/\/www.parquedasaves.com.br\/es\/wp-json\/wp\/v2\/pages\/9972\/revisions\/9974"}],"up":[{"embeddable":true,"href":"https:\/\/www.parquedasaves.com.br\/es\/wp-json\/wp\/v2\/pages\/9503"}],"wp:featuredmedia":[{"embeddable":true,"href":"https:\/\/www.parquedasaves.com.br\/es\/wp-json\/wp\/v2\/media\/8985"}],"wp:attachment":[{"href":"https:\/\/www.parquedasaves.com.br\/es\/wp-json\/wp\/v2\/media?parent=9972"}],"curies":[{"name":"wp","href":"https:\/\/api.w.org\/{rel}","templated":true}]}}